{"id":3807,"date":"2023-08-06T17:13:33","date_gmt":"2023-08-06T15:13:33","guid":{"rendered":"https:\/\/www.hightechagenda.de\/?post_type=lebensbereich&#038;p=3807"},"modified":"2023-08-22T09:08:07","modified_gmt":"2023-08-22T07:08:07","slug":"growing-old-on-your-own-terms","status":"publish","type":"lebensbereich","link":"https:\/\/www.hightechagenda.de\/en\/lebensbereich\/growing-old-on-your-own-terms\/","title":{"rendered":"Growing Old On Your Own Terms"},"content":{"rendered":"<section class=\"l-section wpb_row height_auto\"><div class=\"l-section-h i-cf\"><div class=\"g-cols vc_row via_flex valign_top type_default stacking_default\"><div class=\"vc_col-sm-12 wpb_column vc_column_container\"><div class=\"vc_column-inner\"><div class=\"wpb_wrapper\"><div class=\"w-image us_custom_4a593b65 us_animate_this align_none meta_modern\"><div class=\"w-image-h\"><img decoding=\"async\" width=\"2560\" height=\"1440\" src=\"https:\/\/www.hightechagenda.de\/wp-content\/uploads\/2022\/11\/header-geriatrie-hightech-agenda-bayern-scaled.jpg\" class=\"attachment-full size-full\" alt=\"Seniorin mit Pflegeroboter\" loading=\"lazy\" \/><div class=\"w-image-meta\"><div class=\"w-image-title\">Foto: Miriam Doerr<\/div><div class=\"w-image-description\">Seniorin mit Pflegeroboter<\/div><\/div><\/div><\/div><div class=\"wpb_text_column us_custom_cf362e21\"><div class=\"wpb_wrapper\"><h1>Optimal Care.<\/h1>\n<p><strong>We all wish to lead an independent and self-determined life into old age.<\/strong><\/p>\n<p>In the future, innovative solutions will ensure that both we and our relatives can remain at home longer in old age and that we are optimally cared for in case of an emergency.<\/p>\n<p>Intelligent healthcare robots can provide crucial support for elderly people, relatives and caregivers, even when our own bodies reach their limits. In the near future, new mobility concepts such as autonomous driving will make it possible to travel even further distances despite physical impairments. Furthermore, advances in telehealth and diagnostics will further improve medical care in rural areas as well.<\/p>\n<\/div><\/div><div class=\"w-separator size_medium\"><\/div><\/div><\/div><\/div><\/div><\/div><\/section><section class=\"l-section wpb_row height_medium\"><div class=\"l-section-h i-cf\"><div class=\"g-cols vc_row via_flex valign_top type_default stacking_default\"><div class=\"vc_col-sm-12 wpb_column vc_column_container\"><div class=\"vc_column-inner\"><div class=\"wpb_wrapper\"><h2 class=\"w-text hta-lined-headline\"><span class=\"w-text-h\"><span class=\"w-text-value\">Success Stories<\/span><\/span><\/h2><div class=\"g-cols wpb_row via_flex valign_top type_default stacking_default\"><div class=\"vc_col-sm-4 wpb_column vc_column_container\"><div class=\"vc_column-inner\"><div class=\"wpb_wrapper\"><div class=\"w-grid us_grid type_grid layout_3903 cols_1 preload_style_spinner\" id=\"us_grid_1\" style=\"--columns:1;--gap:0px;\"><style>.layout_3903 .w-grid-item-h{color:#ffffff;border-radius:0rem}.layout_3903 .usg_post_image_1{margin-bottom:0!important}.layout_3903 .usg_post_title_1{font-size:1rem!important;font-weight:400!important;text-transform:uppercase!important;margin-top:1rem!important}.layout_3903 .usg_vwrapper_1{color:#ffffff!important;padding:1rem!important;background:var(--color-content-primary)!important}.layout_3903 .usg_post_content_1{font-size:0.8rem!important}.layout_3903 .usg_post_custom_field_1{color:#bfcad9!important;text-align:right!important;font-size:80%!important;margin-bottom:0!important}<\/style><div class=\"w-grid-list\">\t<article class=\"w-grid-item size_1x1 post-3817 case-study type-case-study status-publish has-post-thumbnail hentry\" data-id=\"3817\">\r\n\t\t<div class=\"w-grid-item-h\">\r\n\t\t\t\t\t\t<div class=\"w-vwrapper usg_vwrapper_2 align_none valign_top\" style=\"--vwrapper-gap:0.7rem\"><div class=\"w-vwrapper usg_vwrapper_1 has_text_color align_none valign_top\" style=\"--vwrapper-gap:0.7rem\"><div class=\"w-post-elm post_image usg_post_image_1 stretched\"><img loading=\"lazy\" decoding=\"async\" width=\"584\" height=\"334\" src=\"https:\/\/www.hightechagenda.de\/wp-content\/uploads\/2022\/12\/stromzaehler-hightech-agenda-bayern.jpg\" class=\"attachment-large size-large wp-post-image\" alt=\"Stromz\u00e4hler pr\u00fcft Unregelm\u00e4\u00dfigkeiten\" srcset=\"https:\/\/www.hightechagenda.de\/wp-content\/uploads\/2022\/12\/stromzaehler-hightech-agenda-bayern.jpg 584w, https:\/\/www.hightechagenda.de\/wp-content\/uploads\/2022\/12\/stromzaehler-hightech-agenda-bayern-300x172.jpg 300w\" sizes=\"auto, (max-width: 584px) 100vw, 584px\" \/><\/div><div class=\"w-post-elm post_custom_field usg_post_custom_field_1 has_text_color type_text bildunterschrift color_link_inherit\"><span class=\"w-post-elm-value\">Photo: Deggendorf Institute of Technology<\/span><\/div><h2 class=\"w-post-elm post_title usg_post_title_1 entry-title color_link_inherit\">Data also helps in Emergency<\/h2><div class=\"w-post-elm post_content usg_post_content_1 case-study-content with_collapsible_content\" data-content-height=\"150px\"><div><p>Deggendorf Institute of Technology:<\/p>\n<p>In the &#8220;BLADL&#8221; research project at the Deggendorf Institute of Technology, academics are investigating how existing data sources can be used to help seniors live in their own homes as long as possible.<\/p>\n<p>To this end, data from smart meters across 20 test households was collected and analyzed. Artificial intelligence is used to identify the \u2018digital footprint\u2019 of individual electricity and water consumers. In this way, an activity profile can be obtained. If a resident\u2019s activity deviates too much from their typical behavior, this may indicate an inactivity and thus an emergency situation.<\/p>\n<p><a href=\"https:\/\/www.digitales-dorf.bayern\/2021\/02\/25\/bladl-passiver-service-hub-erkennung-menschlicher-aktivitaeten-mithilfe-von-smart-metern\/\">Link to the project<\/a><\/p>\n<\/div><div class=\"toggle-links align_right\"><button class=\"collapsible-content-more\">learn more<\/button><button class=\"collapsible-content-less\">show less<\/button><\/div><\/div><\/div><\/div>\t\t<\/div>\r\n\t\t\t<\/article>\r\n<\/div>\t<div class=\"w-grid-preloader\">\r\n\t\t<div class=\"g-preloader type_1\">\r\n\t\t\t<div><\/div>\r\n\t\t<\/div>\r\n\t<\/div>\r\n\t\t<div class=\"w-grid-json hidden\" onclick='return {&quot;action&quot;:&quot;us_ajax_grid&quot;,&quot;infinite_scroll&quot;:0,&quot;max_num_pages&quot;:1,&quot;pagination&quot;:&quot;none&quot;,&quot;template_vars&quot;:{&quot;columns&quot;:&quot;1&quot;,&quot;exclude_items&quot;:&quot;none&quot;,&quot;img_size&quot;:&quot;default&quot;,&quot;ignore_items_size&quot;:0,&quot;items_layout&quot;:&quot;3903&quot;,&quot;items_offset&quot;:&quot;1&quot;,&quot;load_animation&quot;:&quot;none&quot;,&quot;overriding_link&quot;:&quot;{\\&quot;url\\&quot;:\\&quot;\\&quot;}&quot;,&quot;post_id&quot;:0,&quot;query_args&quot;:{&quot;ignore_sticky_posts&quot;:1,&quot;post_type&quot;:&quot;any&quot;,&quot;post__in&quot;:[&quot;3817&quot;],&quot;posts_per_page&quot;:&quot;1&quot;},&quot;orderby_query_args&quot;:{&quot;orderby&quot;:{&quot;date&quot;:&quot;DESC&quot;}},&quot;type&quot;:&quot;grid&quot;,&quot;us_grid_post_type&quot;:&quot;ids&quot;,&quot;us_grid_ajax_index&quot;:1,&quot;us_grid_filter_query_string&quot;:null,&quot;us_grid_index&quot;:1,&quot;page_args&quot;:[],&quot;lang&quot;:&quot;en&quot;}}'><\/div>\r\n\t<\/div><\/div><\/div><\/div><div class=\"vc_col-sm-4 wpb_column vc_column_container\"><div class=\"vc_column-inner\"><div class=\"wpb_wrapper\"><div class=\"w-grid us_grid type_grid layout_3903 cols_1 preload_style_spinner\" id=\"us_grid_2\" style=\"--columns:1;--gap:0px;\"><div class=\"w-grid-list\">\t<article class=\"w-grid-item size_1x1 post-3847 case-study type-case-study status-publish has-post-thumbnail hentry\" data-id=\"3847\">\r\n\t\t<div class=\"w-grid-item-h\">\r\n\t\t\t\t\t\t<div class=\"w-vwrapper usg_vwrapper_2 align_none valign_top\" style=\"--vwrapper-gap:0.7rem\"><div class=\"w-vwrapper usg_vwrapper_1 has_text_color align_none valign_top\" style=\"--vwrapper-gap:0.7rem\"><div class=\"w-post-elm post_image usg_post_image_1 stretched\"><img loading=\"lazy\" decoding=\"async\" width=\"584\" height=\"334\" src=\"https:\/\/www.hightechagenda.de\/wp-content\/uploads\/2022\/11\/diva-app-illustration-hightech-agenda-bayern.jpg\" class=\"attachment-large size-large wp-post-image\" alt=\"Symbolbild DiVa-App\" \/><\/div><div class=\"w-post-elm post_custom_field usg_post_custom_field_1 has_text_color type_text bildunterschrift color_link_inherit\"><span class=\"w-post-elm-value\">Image: BZPD, Kempten University of Applied Sciences<\/span><\/div><h2 class=\"w-post-elm post_title usg_post_title_1 entry-title color_link_inherit\">Research Project DIVA &#8211; All in one App<\/h2><div class=\"w-post-elm post_content usg_post_content_1 case-study-content with_collapsible_content\" data-content-height=\"150px\"><div><p>Kempten University of Applied Sciences:<\/p>\n<p>The research project &#8220;Use of a digital care application for informal caregivers and its effects on everyday care&#8221; (DiVa) deals with the question of how the possible use of a digital care solution is perceived by caregiving relatives and their personal support network during everyday care.<\/p>\n<p>Although caregiving households often differ in terms of their needs and situations, it is apparent that many caregivers are confronted with very similar challenges: a lack of clarity on how to obtain care-related services and consultations, along with a high amount of organisational effort and time to be able to coordinate care properly. To address these challenges, various digital services have taken it upon themselves to provide solutions for these needs and to find innovative solutions to support family caregivers in overcoming these challenges.<\/p>\n<p>For this project, the Bavarian Research Center for Digital Health and Social Care (BYPD) at the Kempten University of Applied Sciences is researching a digital solution that is ready to hit the market. The application provides various information on all aspects of home care and offers functions for organizing everyday care, either alone or as a group. As part of the qualitative research project DiVa, the digital solution will be used to investigate which functions of the app are used in real life care settings, who can be digitally supported in the organization of everyday care and in which manner, and to what extent the provision of information and communication via a care app can contribute to relieving the caregiving burden. As a test, the app will be used by about 15 informal caregivers over a period of about 5 months. At the start, the care is simply recorded without a specific digital care solution in mind. Later in the process, the respondents will be asked to reflect on the different aspects of everyday caregiving that have changed as a result of using the app.<\/p>\n<p><a href=\"https:\/\/www.hs-kempten.de\/bzpd-bayerisches-zentrum-pflege-digital\/projekte\/diva-digitale-versorgungsanwendungen\">Link to the project<\/a><\/p>\n<\/div><div class=\"toggle-links align_right\"><button class=\"collapsible-content-more\">learn more<\/button><button class=\"collapsible-content-less\">show less<\/button><\/div><\/div><\/div><\/div>\t\t<\/div>\r\n\t\t\t<\/article>\r\n<\/div>\t<div class=\"w-grid-preloader\">\r\n\t\t<div class=\"g-preloader type_1\">\r\n\t\t\t<div><\/div>\r\n\t\t<\/div>\r\n\t<\/div>\r\n\t\t<div class=\"w-grid-json hidden\" onclick='return {&quot;action&quot;:&quot;us_ajax_grid&quot;,&quot;infinite_scroll&quot;:0,&quot;max_num_pages&quot;:1,&quot;pagination&quot;:&quot;none&quot;,&quot;template_vars&quot;:{&quot;columns&quot;:&quot;1&quot;,&quot;exclude_items&quot;:&quot;none&quot;,&quot;img_size&quot;:&quot;default&quot;,&quot;ignore_items_size&quot;:0,&quot;items_layout&quot;:&quot;3903&quot;,&quot;items_offset&quot;:&quot;1&quot;,&quot;load_animation&quot;:&quot;none&quot;,&quot;overriding_link&quot;:&quot;{\\&quot;url\\&quot;:\\&quot;\\&quot;}&quot;,&quot;post_id&quot;:0,&quot;query_args&quot;:{&quot;ignore_sticky_posts&quot;:1,&quot;post_type&quot;:&quot;any&quot;,&quot;post__in&quot;:[&quot;3847&quot;],&quot;posts_per_page&quot;:&quot;1&quot;},&quot;orderby_query_args&quot;:{&quot;orderby&quot;:{&quot;date&quot;:&quot;DESC&quot;}},&quot;type&quot;:&quot;grid&quot;,&quot;us_grid_post_type&quot;:&quot;ids&quot;,&quot;us_grid_ajax_index&quot;:2,&quot;us_grid_filter_query_string&quot;:null,&quot;us_grid_index&quot;:2,&quot;page_args&quot;:[],&quot;lang&quot;:&quot;en&quot;}}'><\/div>\r\n\t<\/div><\/div><\/div><\/div><div class=\"vc_col-sm-4 wpb_column vc_column_container\"><div class=\"vc_column-inner\"><div class=\"wpb_wrapper\"><div class=\"w-grid us_grid type_grid layout_3903 cols_1 preload_style_spinner\" id=\"us_grid_3\" style=\"--columns:1;--gap:0px;\"><div class=\"w-grid-list\">\t<article class=\"w-grid-item size_1x1 post-3849 case-study type-case-study status-publish has-post-thumbnail hentry\" data-id=\"3849\">\r\n\t\t<div class=\"w-grid-item-h\">\r\n\t\t\t\t\t\t<div class=\"w-vwrapper usg_vwrapper_2 align_none valign_top\" style=\"--vwrapper-gap:0.7rem\"><div class=\"w-vwrapper usg_vwrapper_1 has_text_color align_none valign_top\" style=\"--vwrapper-gap:0.7rem\"><div class=\"w-post-elm post_image usg_post_image_1 stretched\"><img loading=\"lazy\" decoding=\"async\" width=\"584\" height=\"334\" src=\"https:\/\/www.hightechagenda.de\/wp-content\/uploads\/2022\/11\/garmi-pflegeroboter-hightech-agenda-bayern-2.jpg\" class=\"attachment-large size-large wp-post-image\" alt=\"Pflegeroboter GARMI\" \/><\/div><div class=\"w-post-elm post_custom_field usg_post_custom_field_1 has_text_color type_text bildunterschrift color_link_inherit\"><span class=\"w-post-elm-value\">Photo: TU Munich<\/span><\/div><h2 class=\"w-post-elm post_title usg_post_title_1 entry-title color_link_inherit\">GARMI, the Humanoid Robotic Assistant<\/h2><div class=\"w-post-elm post_content usg_post_content_1 case-study-content with_collapsible_content\" data-content-height=\"150px\"><div><p>The Technical University of Munich (TUM)<\/p>\n<p>The Munich Institute of Robotics and Machine Intelligence (MIRMI) is researching the future of health as part of the &#8220;Geriatronics&#8221; initiative. The project results from demographic change in Germany and pursues the goal of meeting the challenges of later life through the use of intelligent robotics which enable older people to live independent lives in their own homes.<\/p>\n<p>To accomplish this, the Research Center for Geriatronics in Garmisch-Partenkirchen will be further expanded over the next few years. The research focus of this center is, among other things, the further development of the autonomous service humanoid GARMI, specifically the development of telehealth services, fine motor skills and a multifunctional robot head. Through an integrated experience center and diverse field tests within pilot homes, the robotic systems developed at the Garmisch-Partenkirchen site will benefit local seniors directly at an early stage through collaborations with local retirement and nursing home operators.<\/p>\n<p><a href=\"https:\/\/geriatronics.mirmi.tum.de\/de\/\">Link to the project<\/a><\/p>\n<\/div><div class=\"toggle-links align_right\"><button class=\"collapsible-content-more\">learn more<\/button><button class=\"collapsible-content-less\">show less<\/button><\/div><\/div><\/div><\/div>\t\t<\/div>\r\n\t\t\t<\/article>\r\n<\/div>\t<div class=\"w-grid-preloader\">\r\n\t\t<div class=\"g-preloader type_1\">\r\n\t\t\t<div><\/div>\r\n\t\t<\/div>\r\n\t<\/div>\r\n\t\t<div class=\"w-grid-json hidden\" onclick='return {&quot;action&quot;:&quot;us_ajax_grid&quot;,&quot;infinite_scroll&quot;:0,&quot;max_num_pages&quot;:1,&quot;pagination&quot;:&quot;none&quot;,&quot;template_vars&quot;:{&quot;columns&quot;:&quot;1&quot;,&quot;exclude_items&quot;:&quot;none&quot;,&quot;img_size&quot;:&quot;default&quot;,&quot;ignore_items_size&quot;:0,&quot;items_layout&quot;:&quot;3903&quot;,&quot;items_offset&quot;:&quot;1&quot;,&quot;load_animation&quot;:&quot;none&quot;,&quot;overriding_link&quot;:&quot;{\\&quot;url\\&quot;:\\&quot;\\&quot;}&quot;,&quot;post_id&quot;:0,&quot;query_args&quot;:{&quot;ignore_sticky_posts&quot;:1,&quot;post_type&quot;:&quot;any&quot;,&quot;post__in&quot;:[&quot;3849&quot;],&quot;posts_per_page&quot;:&quot;1&quot;},&quot;orderby_query_args&quot;:{&quot;orderby&quot;:{&quot;date&quot;:&quot;DESC&quot;}},&quot;type&quot;:&quot;grid&quot;,&quot;us_grid_post_type&quot;:&quot;ids&quot;,&quot;us_grid_ajax_index&quot;:3,&quot;us_grid_filter_query_string&quot;:null,&quot;us_grid_index&quot;:3,&quot;page_args&quot;:[],&quot;lang&quot;:&quot;en&quot;}}'><\/div>\r\n\t<\/div><\/div><\/div><\/div><\/div><\/div><\/div><\/div><\/div><\/div><\/section><section class=\"l-section wpb_row height_medium\"><div class=\"l-section-h i-cf\"><div class=\"g-cols vc_row via_flex valign_top type_default stacking_default\"><div class=\"vc_col-sm-12 wpb_column vc_column_container\"><div class=\"vc_column-inner\"><div class=\"wpb_wrapper\"><h2 class=\"w-text hta-lined-headline\"><span class=\"w-text-h\"><span class=\"w-text-value\">State-of-the-Art Research<\/span><\/span><\/h2><div class=\"g-cols wpb_row via_flex valign_top type_default stacking_default\"><div class=\"vc_col-sm-3 wpb_column vc_column_container\"><div class=\"vc_column-inner\"><div class=\"wpb_wrapper\"><div class=\"w-image us_custom_7e20fa79 us_animate_this align_left\"><div class=\"w-image-h\"><img decoding=\"async\" width=\"270\" height=\"320\" src=\"https:\/\/www.hightechagenda.de\/wp-content\/uploads\/2022\/11\/profilbild-florian-wahl-hightech-agenda-bayern.jpg\" class=\"attachment-large size-large\" alt=\"Prof. Dr. Florian Wahl\" loading=\"lazy\" \/><\/div><\/div><\/div><\/div><\/div><div class=\"vc_col-sm-9 wpb_column vc_column_container\"><div class=\"vc_column-inner\"><div class=\"wpb_wrapper\"><div class=\"wpb_text_column\"><div class=\"wpb_wrapper\"><p><strong>Prof. Dr. Florian Wahl<\/strong><br \/>\nSensor-based AI systems in Healthcare<br \/>\n<em>Deggendorf Institute of Technology<\/em><\/p>\n<p>Florian Wahl has been a Hightech Agenda professor for sensor-based AI systems in healthcare at the Deggendorf Institute of Technology (THD) since October 2021. Since 2018, Professor Wahl has been conducting research at THD&#8217;s Technology Campus Grafenau, where he leads the research group &#8220;Artificial Intelligence for Context and Activity Recognition&#8221; (AI4CARE).<\/p>\n<p>His applied research in the areas of sensor technology and artificial intelligence aims to develop supporting solutions for medical care. A critical situation is emerging in this field due to changing demographics as well as the shortage of skilled workers and urgently requires creative technical solutions.<\/p>\n<\/div><\/div><\/div><\/div><\/div><\/div><\/div><\/div><\/div><\/div><\/div><\/section>\n","protected":false},"excerpt":{"rendered":"<p>Autonomous mobility and intelligent robotics unlock new pathways towards leading an independent life at an older age. <\/p>\n","protected":false},"author":2,"featured_media":1795,"menu_order":4,"template":"","class_list":["post-3807","lebensbereich","type-lebensbereich","status-publish","has-post-thumbnail","hentry"],"acf":[],"yoast_head":"<!-- This site is optimized with the Yoast SEO plugin v27.5 - https:\/\/yoast.com\/product\/yoast-seo-wordpress\/ -->\n<title>Growing Old On Your Own Terms - Hightech-Agenda Bayern<\/title>\n<meta name=\"description\" content=\"Bavaria&#039;s new Hightech Agenda sets out to protect elder citizens growing old through the application of innovative technology.\" \/>\n<meta name=\"robots\" content=\"index, follow, max-snippet:-1, max-image-preview:large, max-video-preview:-1\" \/>\n<link rel=\"canonical\" href=\"https:\/\/www.hightechagenda.de\/en\/lebensbereich\/growing-old-on-your-own-terms\/\" \/>\n<meta property=\"og:locale\" content=\"en_US\" \/>\n<meta property=\"og:type\" content=\"article\" \/>\n<meta property=\"og:title\" content=\"Growing Old On Your Own Terms - Hightech-Agenda Bayern\" \/>\n<meta property=\"og:description\" content=\"Bavaria&#039;s new Hightech Agenda sets out to protect elder citizens growing old through the application of innovative technology.\" \/>\n<meta property=\"og:url\" content=\"https:\/\/www.hightechagenda.de\/en\/lebensbereich\/growing-old-on-your-own-terms\/\" \/>\n<meta property=\"og:site_name\" content=\"Hightech-Agenda Bayern\" \/>\n<meta property=\"article:modified_time\" content=\"2023-08-22T07:08:07+00:00\" \/>\n<meta property=\"og:image\" content=\"https:\/\/www.hightechagenda.de\/wp-content\/uploads\/2022\/11\/header-geriatrie-hightech-agenda-bayern-scaled.jpg\" \/>\n\t<meta property=\"og:image:width\" content=\"2560\" \/>\n\t<meta property=\"og:image:height\" content=\"1440\" \/>\n\t<meta property=\"og:image:type\" content=\"image\/jpeg\" \/>\n<meta name=\"twitter:card\" content=\"summary_large_image\" \/>\n<meta name=\"twitter:label1\" content=\"Est. reading time\" \/>\n\t<meta name=\"twitter:data1\" content=\"2 minutes\" \/>\n<script type=\"application\/ld+json\" class=\"yoast-schema-graph\">{\"@context\":\"https:\\\/\\\/schema.org\",\"@graph\":[{\"@type\":\"WebPage\",\"@id\":\"https:\\\/\\\/www.hightechagenda.de\\\/en\\\/lebensbereich\\\/growing-old-on-your-own-terms\\\/\",\"url\":\"https:\\\/\\\/www.hightechagenda.de\\\/en\\\/lebensbereich\\\/growing-old-on-your-own-terms\\\/\",\"name\":\"Growing Old On Your Own Terms - Hightech-Agenda Bayern\",\"isPartOf\":{\"@id\":\"https:\\\/\\\/www.hightechagenda.de\\\/#website\"},\"primaryImageOfPage\":{\"@id\":\"https:\\\/\\\/www.hightechagenda.de\\\/en\\\/lebensbereich\\\/growing-old-on-your-own-terms\\\/#primaryimage\"},\"image\":{\"@id\":\"https:\\\/\\\/www.hightechagenda.de\\\/en\\\/lebensbereich\\\/growing-old-on-your-own-terms\\\/#primaryimage\"},\"thumbnailUrl\":\"https:\\\/\\\/www.hightechagenda.de\\\/wp-content\\\/uploads\\\/2022\\\/11\\\/header-geriatrie-hightech-agenda-bayern-scaled.jpg\",\"datePublished\":\"2023-08-06T15:13:33+00:00\",\"dateModified\":\"2023-08-22T07:08:07+00:00\",\"description\":\"Bavaria's new Hightech Agenda sets out to protect elder citizens growing old through the application of innovative technology.\",\"breadcrumb\":{\"@id\":\"https:\\\/\\\/www.hightechagenda.de\\\/en\\\/lebensbereich\\\/growing-old-on-your-own-terms\\\/#breadcrumb\"},\"inLanguage\":\"en-US\",\"potentialAction\":[{\"@type\":\"ReadAction\",\"target\":[\"https:\\\/\\\/www.hightechagenda.de\\\/en\\\/lebensbereich\\\/growing-old-on-your-own-terms\\\/\"]}]},{\"@type\":\"ImageObject\",\"inLanguage\":\"en-US\",\"@id\":\"https:\\\/\\\/www.hightechagenda.de\\\/en\\\/lebensbereich\\\/growing-old-on-your-own-terms\\\/#primaryimage\",\"url\":\"https:\\\/\\\/www.hightechagenda.de\\\/wp-content\\\/uploads\\\/2022\\\/11\\\/header-geriatrie-hightech-agenda-bayern-scaled.jpg\",\"contentUrl\":\"https:\\\/\\\/www.hightechagenda.de\\\/wp-content\\\/uploads\\\/2022\\\/11\\\/header-geriatrie-hightech-agenda-bayern-scaled.jpg\",\"width\":2560,\"height\":1440,\"caption\":\"Foto: Miriam Doerr\"},{\"@type\":\"BreadcrumbList\",\"@id\":\"https:\\\/\\\/www.hightechagenda.de\\\/en\\\/lebensbereich\\\/growing-old-on-your-own-terms\\\/#breadcrumb\",\"itemListElement\":[{\"@type\":\"ListItem\",\"position\":1,\"name\":\"Startseite\",\"item\":\"https:\\\/\\\/www.hightechagenda.de\\\/en\\\/\"},{\"@type\":\"ListItem\",\"position\":2,\"name\":\"Growing Old On Your Own Terms\"}]},{\"@type\":\"WebSite\",\"@id\":\"https:\\\/\\\/www.hightechagenda.de\\\/#website\",\"url\":\"https:\\\/\\\/www.hightechagenda.de\\\/\",\"name\":\"Hightech-Agenda Bayern\",\"description\":\"Bayerisches Staatsministerium f\u00fcr Wissenschaft und Kunst\",\"publisher\":{\"@id\":\"https:\\\/\\\/www.hightechagenda.de\\\/#organization\"},\"potentialAction\":[{\"@type\":\"SearchAction\",\"target\":{\"@type\":\"EntryPoint\",\"urlTemplate\":\"https:\\\/\\\/www.hightechagenda.de\\\/?s={search_term_string}\"},\"query-input\":{\"@type\":\"PropertyValueSpecification\",\"valueRequired\":true,\"valueName\":\"search_term_string\"}}],\"inLanguage\":\"en-US\"},{\"@type\":\"Organization\",\"@id\":\"https:\\\/\\\/www.hightechagenda.de\\\/#organization\",\"name\":\"Hightech-Agenda Bayern\",\"url\":\"https:\\\/\\\/www.hightechagenda.de\\\/\",\"logo\":{\"@type\":\"ImageObject\",\"inLanguage\":\"en-US\",\"@id\":\"https:\\\/\\\/www.hightechagenda.de\\\/#\\\/schema\\\/logo\\\/image\\\/\",\"url\":\"https:\\\/\\\/www.hightechagenda.de\\\/wp-content\\\/uploads\\\/2022\\\/10\\\/hightech-agenda-bayern-logo.jpg\",\"contentUrl\":\"https:\\\/\\\/www.hightechagenda.de\\\/wp-content\\\/uploads\\\/2022\\\/10\\\/hightech-agenda-bayern-logo.jpg\",\"width\":318,\"height\":276,\"caption\":\"Hightech-Agenda Bayern\"},\"image\":{\"@id\":\"https:\\\/\\\/www.hightechagenda.de\\\/#\\\/schema\\\/logo\\\/image\\\/\"},\"sameAs\":[\"https:\\\/\\\/www.linkedin.com\\\/showcase\\\/hightech-agenda-bavaria\\\/\"]}]}<\/script>\n<!-- \/ Yoast SEO plugin. -->","yoast_head_json":{"title":"Growing Old On Your Own Terms - Hightech-Agenda Bayern","description":"Bavaria's new Hightech Agenda sets out to protect elder citizens growing old through the application of innovative technology.","robots":{"index":"index","follow":"follow","max-snippet":"max-snippet:-1","max-image-preview":"max-image-preview:large","max-video-preview":"max-video-preview:-1"},"canonical":"https:\/\/www.hightechagenda.de\/en\/lebensbereich\/growing-old-on-your-own-terms\/","og_locale":"en_US","og_type":"article","og_title":"Growing Old On Your Own Terms - Hightech-Agenda Bayern","og_description":"Bavaria's new Hightech Agenda sets out to protect elder citizens growing old through the application of innovative technology.","og_url":"https:\/\/www.hightechagenda.de\/en\/lebensbereich\/growing-old-on-your-own-terms\/","og_site_name":"Hightech-Agenda Bayern","article_modified_time":"2023-08-22T07:08:07+00:00","og_image":[{"width":2560,"height":1440,"url":"https:\/\/www.hightechagenda.de\/wp-content\/uploads\/2022\/11\/header-geriatrie-hightech-agenda-bayern-scaled.jpg","type":"image\/jpeg"}],"twitter_card":"summary_large_image","twitter_misc":{"Est. reading time":"2 minutes"},"schema":{"@context":"https:\/\/schema.org","@graph":[{"@type":"WebPage","@id":"https:\/\/www.hightechagenda.de\/en\/lebensbereich\/growing-old-on-your-own-terms\/","url":"https:\/\/www.hightechagenda.de\/en\/lebensbereich\/growing-old-on-your-own-terms\/","name":"Growing Old On Your Own Terms - Hightech-Agenda Bayern","isPartOf":{"@id":"https:\/\/www.hightechagenda.de\/#website"},"primaryImageOfPage":{"@id":"https:\/\/www.hightechagenda.de\/en\/lebensbereich\/growing-old-on-your-own-terms\/#primaryimage"},"image":{"@id":"https:\/\/www.hightechagenda.de\/en\/lebensbereich\/growing-old-on-your-own-terms\/#primaryimage"},"thumbnailUrl":"https:\/\/www.hightechagenda.de\/wp-content\/uploads\/2022\/11\/header-geriatrie-hightech-agenda-bayern-scaled.jpg","datePublished":"2023-08-06T15:13:33+00:00","dateModified":"2023-08-22T07:08:07+00:00","description":"Bavaria's new Hightech Agenda sets out to protect elder citizens growing old through the application of innovative technology.","breadcrumb":{"@id":"https:\/\/www.hightechagenda.de\/en\/lebensbereich\/growing-old-on-your-own-terms\/#breadcrumb"},"inLanguage":"en-US","potentialAction":[{"@type":"ReadAction","target":["https:\/\/www.hightechagenda.de\/en\/lebensbereich\/growing-old-on-your-own-terms\/"]}]},{"@type":"ImageObject","inLanguage":"en-US","@id":"https:\/\/www.hightechagenda.de\/en\/lebensbereich\/growing-old-on-your-own-terms\/#primaryimage","url":"https:\/\/www.hightechagenda.de\/wp-content\/uploads\/2022\/11\/header-geriatrie-hightech-agenda-bayern-scaled.jpg","contentUrl":"https:\/\/www.hightechagenda.de\/wp-content\/uploads\/2022\/11\/header-geriatrie-hightech-agenda-bayern-scaled.jpg","width":2560,"height":1440,"caption":"Foto: Miriam Doerr"},{"@type":"BreadcrumbList","@id":"https:\/\/www.hightechagenda.de\/en\/lebensbereich\/growing-old-on-your-own-terms\/#breadcrumb","itemListElement":[{"@type":"ListItem","position":1,"name":"Startseite","item":"https:\/\/www.hightechagenda.de\/en\/"},{"@type":"ListItem","position":2,"name":"Growing Old On Your Own Terms"}]},{"@type":"WebSite","@id":"https:\/\/www.hightechagenda.de\/#website","url":"https:\/\/www.hightechagenda.de\/","name":"Hightech-Agenda Bayern","description":"Bayerisches Staatsministerium f\u00fcr Wissenschaft und Kunst","publisher":{"@id":"https:\/\/www.hightechagenda.de\/#organization"},"potentialAction":[{"@type":"SearchAction","target":{"@type":"EntryPoint","urlTemplate":"https:\/\/www.hightechagenda.de\/?s={search_term_string}"},"query-input":{"@type":"PropertyValueSpecification","valueRequired":true,"valueName":"search_term_string"}}],"inLanguage":"en-US"},{"@type":"Organization","@id":"https:\/\/www.hightechagenda.de\/#organization","name":"Hightech-Agenda Bayern","url":"https:\/\/www.hightechagenda.de\/","logo":{"@type":"ImageObject","inLanguage":"en-US","@id":"https:\/\/www.hightechagenda.de\/#\/schema\/logo\/image\/","url":"https:\/\/www.hightechagenda.de\/wp-content\/uploads\/2022\/10\/hightech-agenda-bayern-logo.jpg","contentUrl":"https:\/\/www.hightechagenda.de\/wp-content\/uploads\/2022\/10\/hightech-agenda-bayern-logo.jpg","width":318,"height":276,"caption":"Hightech-Agenda Bayern"},"image":{"@id":"https:\/\/www.hightechagenda.de\/#\/schema\/logo\/image\/"},"sameAs":["https:\/\/www.linkedin.com\/showcase\/hightech-agenda-bavaria\/"]}]}},"_links":{"self":[{"href":"https:\/\/www.hightechagenda.de\/en\/wp-json\/wp\/v2\/lebensbereich\/3807","targetHints":{"allow":["GET"]}}],"collection":[{"href":"https:\/\/www.hightechagenda.de\/en\/wp-json\/wp\/v2\/lebensbereich"}],"about":[{"href":"https:\/\/www.hightechagenda.de\/en\/wp-json\/wp\/v2\/types\/lebensbereich"}],"author":[{"embeddable":true,"href":"https:\/\/www.hightechagenda.de\/en\/wp-json\/wp\/v2\/users\/2"}],"version-history":[{"count":4,"href":"https:\/\/www.hightechagenda.de\/en\/wp-json\/wp\/v2\/lebensbereich\/3807\/revisions"}],"predecessor-version":[{"id":3911,"href":"https:\/\/www.hightechagenda.de\/en\/wp-json\/wp\/v2\/lebensbereich\/3807\/revisions\/3911"}],"wp:featuredmedia":[{"embeddable":true,"href":"https:\/\/www.hightechagenda.de\/en\/wp-json\/wp\/v2\/media\/1795"}],"wp:attachment":[{"href":"https:\/\/www.hightechagenda.de\/en\/wp-json\/wp\/v2\/media?parent=3807"}],"curies":[{"name":"wp","href":"https:\/\/api.w.org\/{rel}","templated":true}]}}